{"id":3,"date":"2022-01-26T11:18:54","date_gmt":"2022-01-26T11:18:54","guid":{"rendered":"https:\/\/mandalawellness.es\/?page_id=3"},"modified":"2023-01-15T13:04:12","modified_gmt":"2023-01-15T12:04:12","slug":"politiques-de-privacitat","status":"publish","type":"page","link":"https:\/\/mandalawellness.es\/ca\/politicas-de-privacidad\/","title":{"rendered":"Pol\u00edtiques de privacitat"},"content":{"rendered":"<p>Pol\u00edtiques de privacitat de\u00a0<strong>Mandala Wellness<\/strong>\u00a0exposar els termes sota els quals\u00a0<a href=\"https:\/\/mandalawellness.es\/ca\/\">https:\/\/mandalawellness.es\/<\/a> Utilitza i protegeix la informaci\u00f3 proporcionada pels seus usuaris quan utilitzen el seu lloc web. Estem compromesos amb la seguretat de les dades dels usuaris. Quan us demanem que ompliu els camps amb informaci\u00f3 personal amb la qual us puguem identificar, ho fem assegurant que nom\u00e9s s'utilitzar\u00e0 d'acord amb els termes d'aquest document.<\/p>\n\n\n\n<h2 class=\"wp-block-heading\">COM S'OBTENEN LES DADES?<\/h2>\n\n\n\n<p>Hi ha diferents mitjans:<\/p>\n\n\n\n<ul class=\"wp-block-list\">\n<li>Formulari de contacte<\/li>\n\n\n\n<li>Enviaments de correu electr\u00f2nic<\/li>\n\n\n\n<li>Galetes.<\/li>\n<\/ul>\n\n\n\n<h2 class=\"wp-block-heading\">QUINA INFORMACI\u00d3 ES RECULL.<\/h2>\n\n\n\n<p>El nostre lloc web pot recollir informaci\u00f3 personal, com ara el vostre nom, informaci\u00f3 de contacte com la vostra adre\u00e7a de correu electr\u00f2nic i informaci\u00f3 demogr\u00e0fica. De la mateixa manera, quan sigui necessari, es pot requerir informaci\u00f3 espec\u00edfica per processar una comanda o per fer una entrega o facturaci\u00f3.<\/p>\n\n\n\n<h2 class=\"wp-block-heading\">Pol\u00edtica de galetes<\/h2>\n\n\n\n<p>En la Pol\u00edtica de galetes de Mandala Wellness, complim amb l'obligaci\u00f3 d'informar-vos que aquest lloc pot recollir autom\u00e0ticament informaci\u00f3 mitjan\u00e7ant l'\u00fas de galetes. Per aquest motiu, us demanem que confirmeu la vostra acceptaci\u00f3 i que llegiu atentament tant la Pol\u00edtica de galetes com la Pol\u00edtica de privacitat perqu\u00e8 pugueu gaudir del contingut amb total tranquil\u00b7litat.<\/p>\n\n\n\n<h2 class=\"wp-block-heading\">Qu\u00e8 s\u00f3n les galetes?<\/h2>\n\n\n\n<p>Les galetes s\u00f3n una eina que utilitzen els servidors web per emmagatzemar i recuperar informaci\u00f3 sobre els seus visitants. S\u00f3n simplement fitxers de text que alguns servidors demanen al nostre navegador que escrigui al nostre disc dur, que contenen informaci\u00f3 sobre qu\u00e8 hem estat fent a les seves p\u00e0gines. Tenen una data d'expiraci\u00f3, que pot anar des de la durada de la sessi\u00f3 fins a una data futura especificada, despr\u00e9s de la qual deixen de ser operatives.<\/p>\n\n\n\n<h2 class=\"wp-block-heading\"><strong>PER QU\u00c8 UTILITZEM COOKIES<\/strong><\/h2>\n\n\n\n<p><strong>Les galetes d'aquest lloc web ajuden a:<\/strong><\/p>\n\n\n\n<ul class=\"wp-block-list\">\n<li>Assegurar que aquest lloc web funcioni correctament<\/li>\n\n\n\n<li>Per evitar que hagis d'iniciar sessi\u00f3 cada vegada que visitis aquest lloc<\/li>\n\n\n\n<li>Recordant-vos la vostra configuraci\u00f3 durant i entre visites<\/li>\n\n\n\n<li>Permetre-us veure v\u00eddeos<\/li>\n\n\n\n<li>Millora la velocitat i la seguretat del lloc web<\/li>\n\n\n\n<li>Que pugui compartir p\u00e0gines a les xarxes socials<\/li>\n\n\n\n<li>Millorant cont\u00ednuament aquest lloc web<\/li>\n\n\n\n<li>Et mostrem anuncis basats en els teus h\u00e0bits de navegaci\u00f3.<\/li>\n<\/ul>\n\n\n\n<p><strong>Mai no utilitzar\u00e9 galetes per a:<\/strong><\/p>\n\n\n\n<ul class=\"wp-block-list\">\n<li>Recollir informaci\u00f3 personalment identificable (sense el vostre perm\u00eds expr\u00e9s)<\/li>\n\n\n\n<li>Recollir informaci\u00f3 sensible (sense el vostre perm\u00eds expr\u00e9s)<\/li>\n\n\n\n<li>Compartir informaci\u00f3 personalment identificable amb tercers<\/li>\n<\/ul>\n\n\n\n<p>Com a usuari, podeu rebutjar el tractament de dades o informaci\u00f3 bloquejant aquestes galetes mitjan\u00e7ant la configuraci\u00f3 adequada del vostre navegador. No obstant aix\u00f2, heu de tenir en compte que si ho feu, aquest lloc podria no funcionar correctament. En accedir al lloc i si continueu navegant,&nbsp;<strong>Vost\u00e8 donar\u00e0 el seu consentiment<\/strong>&nbsp;per a l'\u00fas de les galetes tal com es detalla a continuaci\u00f3.<\/p>\n\n\n\n<h2 class=\"wp-block-heading\">QUINS TIPUS DE COOKIES ES PODEN UTILITZAR.<\/h2>\n\n\n\n<h3 class=\"wp-block-heading\"><strong>Galetes pr\u00f2pies:<\/strong><\/h3>\n\n\n\n<ul class=\"wp-block-list\">\n<li>Cookies d'emmagatzematge de sessi\u00f3, per garantir que els usuaris que publiquen comentaris al blog siguin humans i no aplicacions automatitzades. Aix\u00f2 combat&nbsp;<em>Correu brossa<\/em>. Aquestes galetes s'eliminen quan deixes de navegar pel nostre lloc web o, si tens una sessi\u00f3 activa, quan et desconnectes.<\/li>\n\n\n\n<li>Cookies d'emmagatzematge local: per mantenir les sessions obertes i emmagatzemar el consentiment de les cookies.<\/li>\n\n\n\n<li>Altres galetes:<\/li>\n<\/ul>\n\n\n\n<p>Cal que s\u00e0piga que, at\u00e8s el funcionament d'Internet i dels llocs web, no sempre \u00e9s possible disposar d'informaci\u00f3 actualitzada sobre totes les galetes que tercers poden utilitzar a trav\u00e9s d'aquest lloc web. No obstant aix\u00f2, us proporcionarem una llista tan completa com sigui possible i, si ho considereu necessari, podeu comprovar la icona del cadenat a l'esquerra de l'URL del lloc (a Chrome, per exemple) i informar-nos de qualsevol galeta addicional.<\/p>\n\n\n\n<h3 class=\"wp-block-heading\"><strong>COOKIES DE TERCERS:<\/strong><\/h3>\n\n\n\n<p>Aquest lloc web, com la majoria de llocs web, inclou funcions proporcionades per tercers; per tant, a la pol\u00edtica de galetes dels tutorials de chamuyo complim esmentant-los.<\/p>\n\n\n\n<p><strong>Cookies anal\u00edtiques:<\/strong>&nbsp;S\u00f3n recollides exclusivament per tercers, com ara Google Analytics, que ens permet quantificar el nombre d'usuaris i, per tant, dur a terme mesuraments i an\u00e0lisis estad\u00edstiques de com utilitzen els usuaris el servei ofert. Per fer-ho, s'analitza la vostra navegaci\u00f3 pel nostre lloc web amb la finalitat de millorar l'oferta de productes o serveis que us oferim.<\/p>\n\n\n\n<p><strong>Cookies de xarxes socials:<\/strong>&nbsp;Cada xarxa social utilitza la seva pr\u00f2pia&nbsp;<em>galetes<\/em>&nbsp;perqu\u00e8 puguis fer clic en botons del tipus&nbsp;<em>M'agrada<\/em>&nbsp;o&nbsp;<em>Comparteix<\/em>. Aix\u00ed com en els comentaris de Facebook integrats en alguns dels nostres articles.<\/p>\n\n\n\n<p>A continuaci\u00f3 es mostren les p\u00e0gines web de la pol\u00edtica de privacitat de les xarxes socials que aquest lloc web pot utilitzar.<\/p>\n\n\n\n<p><strong>Altres galetes:<\/strong>&nbsp;Per millorar la vostra experi\u00e8ncia i funcionalitat, fem servir components i funcions de tercers, com ara els serveis de WordPress. Aquestes funcions poden requerir l'\u00fas de galetes.<\/p>\n\n\n\n<p>Cal que s\u00e0piga que, at\u00e8s el funcionament d'Internet i dels llocs web, no sempre \u00e9s possible disposar d'informaci\u00f3 actualitzada sobre totes les galetes que tercers poden utilitzar a trav\u00e9s d'aquest lloc web. No obstant aix\u00f2, us proporcionarem una llista tan completa com sigui possible i, si ho considereu necessari, podeu comprovar la icona del cadenat a l'esquerra de l'URL del lloc (a Chrome, per exemple) i informar-nos de qualsevol galeta addicional.<\/p>\n\n\n\n<h2 class=\"wp-block-heading\">\u00daS DE LA INFORMACI\u00d3<\/h2>\n\n\n\n<p>El nostre lloc web utilitza la informaci\u00f3 per oferir el millor servei possible, millorar la seva usabilitat, mantenir un registre d'usuaris i comandes (si s'escau) i millorar els nostres productes i serveis.  Poden enviar-se correus electr\u00f2nics a trav\u00e9s del nostre lloc amb notificacions i ofertes que considerem rellevants per a tu. Aquests correus s'enviaran a l'adre\u00e7a que proporciones i els podr\u00e0s cancel\u00b7lar en qualsevol moment.<\/p>\n\n\n\n<p><strong>Estem compromesos a complir el nostre comprom\u00eds de mantenir la vostra informaci\u00f3 segura i confidencial.<\/strong><\/p>\n\n\n\n<h2 class=\"wp-block-heading\">Quins s\u00f3n els teus drets?<\/h2>\n\n\n\n<p>Qualsevol persona t\u00e9 dret a obtenir la confirmaci\u00f3 de si estem tractant les seves dades personals.<\/p>\n\n\n\n<p>Les persones interessades tenen dret a:<\/p>\n\n\n\n<ul class=\"wp-block-list\">\n<li>Sol\u00b7licitar l'acc\u00e9s a les dades personals relatives a l'interessat.<\/li>\n\n\n\n<li>Sol\u00b7liciteu la seva rectificaci\u00f3 o supressi\u00f3.<\/li>\n\n\n\n<li>Sol\u00b7liciteu la limitaci\u00f3 del tractament.<\/li>\n\n\n\n<li>Objectar el tractament.<\/li>\n\n\n\n<li>Sol\u00b7licitar la portabilitat de les dades.<\/li>\n<\/ul>\n\n\n\n<h2 class=\"wp-block-heading\">Quant de temps conservarem les teves dades?<\/h2>\n\n\n\n<p>Les dades personals facilitades es conservaran:<\/p>\n\n\n\n<ul class=\"wp-block-list\">\n<li>Mentre duri la relaci\u00f3.<\/li>\n\n\n\n<li>Fins que la part interessada sol\u00b7liciti la seva supressi\u00f3.<\/li>\n\n\n\n<li>En el cas de les galetes, depenent del seu per\u00edode de validesa o de la vostra decisi\u00f3 d'eliminar-les.<\/li>\n<\/ul>\n\n\n\n<p><strong>Acceptaci\u00f3 i consentiment<\/strong><\/p>\n\n\n\n<p>L'usuari declara que ha estat informat de les condicions relatives a la protecci\u00f3 de les dades personals, acceptant i consentint el seu tractament de la manera i amb les finalitats indicades en aquesta pol\u00edtica de privacitat.<\/p>\n\n\n\n<p>La base jur\u00eddica per al tractament de les teves dades \u00e9s el consentiment, per aix\u00f2 necessitem el teu consentiment per a aquestes pol\u00edtiques de privacitat.<\/p>\n\n\n\n<h2 class=\"wp-block-heading\">RESPONSABLE DEL TRACTAMENT.<\/h2>\n\n\n\n<ul class=\"wp-block-list\">\n<li>Identitat del responsable del tractament: <strong>Mandala Wellness<\/strong><\/li>\n\n\n\n<li>Adre\u00e7a: C. de Mallorca, 277, 3r pis, porta A, 08037 Barcelona<\/li>\n\n\n\n<li>Correu electr\u00f2nic: hola@mandalawellness.es<\/li>\n<\/ul>\n\n\n\n<h2 class=\"wp-block-heading\">Enlla\u00e7os a tercers<\/h2>\n\n\n\n<p>Aquest lloc web pot contenir enlla\u00e7os a altres llocs que puguin ser del vostre inter\u00e8s. Un cop feu clic en aquests enlla\u00e7os i deixeu el nostre lloc, ja no tenim cap control sobre el lloc al qual se us redirigeix i, per tant, no som responsables dels termes, de la privacitat ni de la protecci\u00f3 de les vostres dades en aquests altres llocs de tercers. Aquests llocs estan subjectes a les seves pr\u00f2pies pol\u00edtiques de privacitat, per la qual cosa \u00e9s aconsellable consultar-les per confirmar que hi esteu d'acord.<\/p>\n\n\n\n<p><\/p>","protected":false},"excerpt":{"rendered":"<p>Las Pol\u00edticas de Privacidad de\u00a0Mandala Wellness\u00a0establecen los t\u00e9rminos en que\u00a0https:\/\/mandalawellness.es\/ usa y protege la informaci\u00f3n que es proporcionada por sus usuarios al momento de utilizar su sitio web. Estamos comprometidos con la seguridad de los datos de los usuarios. Cuando le pedimos llenar los campos de informaci\u00f3n personal con la cual usted pueda ser identificado, [&hellip;]<\/p>\n","protected":false},"author":1,"featured_media":0,"parent":0,"menu_order":0,"comment_status":"closed","ping_status":"open","template":"","meta":{"site-sidebar-layout":"default","site-content-layout":"","ast-site-content-layout":"default","site-content-style":"default","site-sidebar-style":"default","ast-global-header-display":"","ast-banner-title-visibility":"","ast-main-header-display":"","ast-hfb-above-header-display":"","ast-hfb-below-header-display":"","ast-hfb-mobile-header-display":"","site-post-title":"","ast-breadcrumbs-content":"","ast-featured-img":"","footer-sml-layout":"","ast-disable-related-posts":"","theme-transparent-header-meta":"","adv-header-id-meta":"","stick-header-meta":"","header-above-stick-meta":"","header-main-stick-meta":"","header-below-stick-meta":"","astra-migrate-meta-layouts":"default","ast-page-background-enabled":"default","ast-page-background-meta":{"desktop":{"background-color":"","background-image":"","background-repeat":"repeat","background-position":"center center","background-size":"auto","background-attachment":"scroll","background-type":"","background-media":"","overlay-type":"","overlay-color":"","overlay-opacity":"","overlay-gradient":""},"tablet":{"background-color":"","background-image":"","background-repeat":"repeat","background-position":"center center","background-size":"auto","background-attachment":"scroll","background-type":"","background-media":"","overlay-type":"","overlay-color":"","overlay-opacity":"","overlay-gradient":""},"mobile":{"background-color":"","background-image":"","background-repeat":"repeat","background-position":"center center","background-size":"auto","background-attachment":"scroll","background-type":"","background-media":"","overlay-type":"","overlay-color":"","overlay-opacity":"","overlay-gradient":""}},"ast-content-background-meta":{"desktop":{"background-color":"var(--ast-global-color-5)","background-image":"","background-repeat":"repeat","background-position":"center center","background-size":"auto","background-attachment":"scroll","background-type":"","background-media":"","overlay-type":"","overlay-color":"","overlay-opacity":"","overlay-gradient":""},"tablet":{"background-color":"var(--ast-global-color-5)","background-image":"","background-repeat":"repeat","background-position":"center center","background-size":"auto","background-attachment":"scroll","background-type":"","background-media":"","overlay-type":"","overlay-color":"","overlay-opacity":"","overlay-gradient":""},"mobile":{"background-color":"var(--ast-global-color-5)","background-image":"","background-repeat":"repeat","background-position":"center center","background-size":"auto","background-attachment":"scroll","background-type":"","background-media":"","overlay-type":"","overlay-color":"","overlay-opacity":"","overlay-gradient":""}},"_joinchat":[],"footnotes":""},"class_list":["post-3","page","type-page","status-publish","hentry"],"yoast_head":"<!-- This site is optimized with the Yoast SEO plugin v27.1.1 - https:\/\/yoast.com\/product\/yoast-seo-wordpress\/ -->\n<title>Mandala Wellness - Pol\u00edticas de privacidad 2026 \u2705<\/title>\n<meta name=\"description\" content=\"Pol\u00edticas de privacidad de Mandala Wellness. Ofrecemos bienestar f\u00edsico y emocional, cuidamos tu piel y generamos bienestar.\" \/>\n<meta name=\"robots\" content=\"index, follow, max-snippet:-1, max-image-preview:large, max-video-preview:-1\" \/>\n<link rel=\"canonical\" href=\"https:\/\/mandalawellness.es\/ca\/politiques-de-privacitat\/\" \/>\n<meta property=\"og:locale\" content=\"ca_ES\" \/>\n<meta property=\"og:type\" content=\"article\" \/>\n<meta property=\"og:title\" content=\"Mandala Wellness - Pol\u00edticas de privacidad 2026 \u2705\" \/>\n<meta property=\"og:description\" content=\"Pol\u00edticas de privacidad de Mandala Wellness. Ofrecemos bienestar f\u00edsico y emocional, cuidamos tu piel y generamos bienestar.\" \/>\n<meta property=\"og:url\" content=\"https:\/\/mandalawellness.es\/ca\/politiques-de-privacitat\/\" \/>\n<meta property=\"og:site_name\" content=\"Mandala Wellness\" \/>\n<meta property=\"article:publisher\" content=\"https:\/\/www.facebook.com\/mandalawellnessbarcelona\/\" \/>\n<meta property=\"article:modified_time\" content=\"2023-01-15T12:04:12+00:00\" \/>\n<meta name=\"twitter:card\" content=\"summary_large_image\" \/>\n<meta name=\"twitter:label1\" content=\"Temps estimat de lectura\" \/>\n\t<meta name=\"twitter:data1\" content=\"6 minuts\" \/>\n<script type=\"application\/ld+json\" class=\"yoast-schema-graph\">{\"@context\":\"https:\/\/schema.org\",\"@graph\":[{\"@type\":\"WebPage\",\"@id\":\"https:\/\/mandalawellness.es\/politicas-de-privacidad\/\",\"url\":\"https:\/\/mandalawellness.es\/politicas-de-privacidad\/\",\"name\":\"Mandala Wellness - Pol\u00edticas de privacidad 2026 \u2705\",\"isPartOf\":{\"@id\":\"https:\/\/mandalawellness.es\/#website\"},\"datePublished\":\"2022-01-26T11:18:54+00:00\",\"dateModified\":\"2023-01-15T12:04:12+00:00\",\"description\":\"Pol\u00edticas de privacidad de Mandala Wellness. Ofrecemos bienestar f\u00edsico y emocional, cuidamos tu piel y generamos bienestar.\",\"breadcrumb\":{\"@id\":\"https:\/\/mandalawellness.es\/politicas-de-privacidad\/#breadcrumb\"},\"inLanguage\":\"ca\",\"potentialAction\":[{\"@type\":\"ReadAction\",\"target\":[\"https:\/\/mandalawellness.es\/politicas-de-privacidad\/\"]}]},{\"@type\":\"BreadcrumbList\",\"@id\":\"https:\/\/mandalawellness.es\/politicas-de-privacidad\/#breadcrumb\",\"itemListElement\":[{\"@type\":\"ListItem\",\"position\":1,\"name\":\"Portada\",\"item\":\"https:\/\/mandalawellness.es\/\"},{\"@type\":\"ListItem\",\"position\":2,\"name\":\"POL\u00cdTICAS DE PRIVACIDAD\"}]},{\"@type\":\"WebSite\",\"@id\":\"https:\/\/mandalawellness.es\/#website\",\"url\":\"https:\/\/mandalawellness.es\/\",\"name\":\"Mandala Wellness\",\"description\":\"Spa centro de masajes. Bienestar f\u00edsico y emocional\",\"publisher\":{\"@id\":\"https:\/\/mandalawellness.es\/#organization\"},\"potentialAction\":[{\"@type\":\"SearchAction\",\"target\":{\"@type\":\"EntryPoint\",\"urlTemplate\":\"https:\/\/mandalawellness.es\/?s={search_term_string}\"},\"query-input\":{\"@type\":\"PropertyValueSpecification\",\"valueRequired\":true,\"valueName\":\"search_term_string\"}}],\"inLanguage\":\"ca\"},{\"@type\":\"Organization\",\"@id\":\"https:\/\/mandalawellness.es\/#organization\",\"name\":\"Mandala Wellness\",\"url\":\"https:\/\/mandalawellness.es\/\",\"logo\":{\"@type\":\"ImageObject\",\"inLanguage\":\"ca\",\"@id\":\"https:\/\/mandalawellness.es\/#\/schema\/logo\/image\/\",\"url\":\"https:\/\/mandalawellness.es\/wp-content\/uploads\/2022\/01\/Logo-sin-fondo-1000x1000-1.png\",\"contentUrl\":\"https:\/\/mandalawellness.es\/wp-content\/uploads\/2022\/01\/Logo-sin-fondo-1000x1000-1.png\",\"width\":1000,\"height\":1000,\"caption\":\"Mandala Wellness\"},\"image\":{\"@id\":\"https:\/\/mandalawellness.es\/#\/schema\/logo\/image\/\"},\"sameAs\":[\"https:\/\/www.facebook.com\/mandalawellnessbarcelona\/\",\"https:\/\/www.instagram.com\/mandalawellness_\/\"]}]}<\/script>\n<!-- \/ Yoast SEO plugin. -->","yoast_head_json":{"title":"Mandala Wellness - Pol\u00edtica de privadesa 2026 \u2705","description":"Pol\u00edtiques de privacitat de Mandala Wellness. Oferim benestar f\u00edsic i emocional, cura de la teva pell i promovem el benestar.","robots":{"index":"index","follow":"follow","max-snippet":"max-snippet:-1","max-image-preview":"max-image-preview:large","max-video-preview":"max-video-preview:-1"},"canonical":"https:\/\/mandalawellness.es\/ca\/politiques-de-privacitat\/","og_locale":"ca_ES","og_type":"article","og_title":"Mandala Wellness - Pol\u00edticas de privacidad 2026 \u2705","og_description":"Pol\u00edticas de privacidad de Mandala Wellness. Ofrecemos bienestar f\u00edsico y emocional, cuidamos tu piel y generamos bienestar.","og_url":"https:\/\/mandalawellness.es\/ca\/politiques-de-privacitat\/","og_site_name":"Mandala Wellness","article_publisher":"https:\/\/www.facebook.com\/mandalawellnessbarcelona\/","article_modified_time":"2023-01-15T12:04:12+00:00","twitter_card":"summary_large_image","twitter_misc":{"Temps estimat de lectura":"6 minuts"},"schema":{"@context":"https:\/\/schema.org","@graph":[{"@type":"WebPage","@id":"https:\/\/mandalawellness.es\/politicas-de-privacidad\/","url":"https:\/\/mandalawellness.es\/politicas-de-privacidad\/","name":"Mandala Wellness - Pol\u00edtica de privadesa 2026 \u2705","isPartOf":{"@id":"https:\/\/mandalawellness.es\/#website"},"datePublished":"2022-01-26T11:18:54+00:00","dateModified":"2023-01-15T12:04:12+00:00","description":"Pol\u00edtiques de privacitat de Mandala Wellness. Oferim benestar f\u00edsic i emocional, cura de la teva pell i promovem el benestar.","breadcrumb":{"@id":"https:\/\/mandalawellness.es\/politicas-de-privacidad\/#breadcrumb"},"inLanguage":"ca","potentialAction":[{"@type":"ReadAction","target":["https:\/\/mandalawellness.es\/politicas-de-privacidad\/"]}]},{"@type":"BreadcrumbList","@id":"https:\/\/mandalawellness.es\/politicas-de-privacidad\/#breadcrumb","itemListElement":[{"@type":"ListItem","position":1,"name":"Portada","item":"https:\/\/mandalawellness.es\/"},{"@type":"ListItem","position":2,"name":"POL\u00cdTICAS DE PRIVACIDAD"}]},{"@type":"WebSite","@id":"https:\/\/mandalawellness.es\/#website","url":"https:\/\/mandalawellness.es\/","name":"Mandala Wellness","description":"Centre de massatges de spa. Benestar f\u00edsic i emocional.","publisher":{"@id":"https:\/\/mandalawellness.es\/#organization"},"potentialAction":[{"@type":"SearchAction","target":{"@type":"EntryPoint","urlTemplate":"https:\/\/mandalawellness.es\/?s={search_term_string}"},"query-input":{"@type":"PropertyValueSpecification","valueRequired":true,"valueName":"search_term_string"}}],"inLanguage":"ca"},{"@type":"Organization","@id":"https:\/\/mandalawellness.es\/#organization","name":"Mandala Wellness","url":"https:\/\/mandalawellness.es\/","logo":{"@type":"ImageObject","inLanguage":"ca","@id":"https:\/\/mandalawellness.es\/#\/schema\/logo\/image\/","url":"https:\/\/mandalawellness.es\/wp-content\/uploads\/2022\/01\/Logo-sin-fondo-1000x1000-1.png","contentUrl":"https:\/\/mandalawellness.es\/wp-content\/uploads\/2022\/01\/Logo-sin-fondo-1000x1000-1.png","width":1000,"height":1000,"caption":"Mandala Wellness"},"image":{"@id":"https:\/\/mandalawellness.es\/#\/schema\/logo\/image\/"},"sameAs":["https:\/\/www.facebook.com\/mandalawellnessbarcelona\/","https:\/\/www.instagram.com\/mandalawellness_\/"]}]}},"_links":{"self":[{"href":"https:\/\/mandalawellness.es\/ca\/wp-json\/wp\/v2\/pages\/3","targetHints":{"allow":["GET"]}}],"collection":[{"href":"https:\/\/mandalawellness.es\/ca\/wp-json\/wp\/v2\/pages"}],"about":[{"href":"https:\/\/mandalawellness.es\/ca\/wp-json\/wp\/v2\/types\/page"}],"author":[{"embeddable":true,"href":"https:\/\/mandalawellness.es\/ca\/wp-json\/wp\/v2\/users\/1"}],"replies":[{"embeddable":true,"href":"https:\/\/mandalawellness.es\/ca\/wp-json\/wp\/v2\/comments?post=3"}],"version-history":[{"count":1,"href":"https:\/\/mandalawellness.es\/ca\/wp-json\/wp\/v2\/pages\/3\/revisions"}],"predecessor-version":[{"id":4543,"href":"https:\/\/mandalawellness.es\/ca\/wp-json\/wp\/v2\/pages\/3\/revisions\/4543"}],"wp:attachment":[{"href":"https:\/\/mandalawellness.es\/ca\/wp-json\/wp\/v2\/media?parent=3"}],"curies":[{"name":"wp","href":"https:\/\/api.w.org\/{rel}","templated":true}]}}